{"id":23214,"date":"2024-04-26T12:12:44","date_gmt":"2024-04-26T12:12:44","guid":{"rendered":"https:\/\/monti.lt\/?post_type=product&#038;p=23214"},"modified":"2026-03-26T08:59:27","modified_gmt":"2026-03-26T08:59:27","slug":"falk-traktorius-su-priekaba","status":"publish","type":"product","link":"https:\/\/monti.lt\/en\/product\/falk-traktorius-su-priekaba\/","title":{"rendered":"FALK traktorius su priekaba"},"content":{"rendered":"<p>\u201eFalk Baby Claas Axos 310\u201c traktoriukas su priekaba yra daugelio ma\u017e\u0173j\u0173 traktorinink\u0173 svajon\u0117. Kruop\u0161\u010diai pagamintas su d\u0117mesiu detal\u0117ms! Joks tikras \u016bkininkas nepaniekins tokios transporto priemon\u0117s. Transporto priemon\u0117 pagaminta i\u0161 auk\u0161tos kokyb\u0117s plastiko ir tinka vaikams nuo 12 m\u0117nesi\u0173 am\u017eiaus. Transporto priemon\u0117je yra nuimama priekaba su skydais ir vairas su garso signalu. Traktoriaus ratai pagaminti i\u0161 auk\u0161tos kokyb\u0117s plastiko.<\/p>\n\n\n\n<p>Savyb\u0117s:<\/p>\n\n\n\n<ul class=\"wp-block-list\">\n<li>Nuo 12 m\u0117n,<\/li>\n\n\n\n<li>did\u017eiausia apkrova 25 kg,<\/li>\n\n\n\n<li>garsinis signalas ant vairo,<\/li>\n\n\n\n<li>nuimama priekaba,<\/li>\n\n\n\n<li>sukamoji priekin\u0117 a\u0161is,<\/li>\n\n\n\n<li>ratai pagaminti i\u0161 auk\u0161tos kokyb\u0117s plastiko,<\/li>\n\n\n\n<li>stabil\u016bs ir saug\u016bs,<\/li>\n\n\n\n<li>i\u0161 dalies surinktas gaminys.<br>\u201eFalk\u201c yra pirmaujanti Europos auk\u0161tos kokyb\u0117s pedalini\u0173 transporto priemoni\u0173 gamintoja. \u012emon\u0117s asortiment\u0105 sudaro toki\u0173 prek\u0117s \u017eenkl\u0173, kaip Claas, Renault, McCormick, Kubota, Case IH ir kit\u0173, licencijuoti traktoriai. Visos transporto priemon\u0117s gaminamos Pranc\u016bzijoje i\u0161 auk\u0161tos kokyb\u0117s med\u017eiag\u0173.<\/li>\n\n\n\n<li><\/li>\n<\/ul>","protected":false},"excerpt":{"rendered":"<p>\u201eFalk Baby Claas Axos 310\u201c traktoriukas su priekaba yra daugelio ma\u017e\u0173j\u0173 traktorinink\u0173 svajon\u0117. Kruop\u0161\u010diai pagamintas su d\u0117mesiu detal\u0117ms! Joks tikras \u016bkininkas nepaniekins tokios transporto priemon\u0117s. Transporto priemon\u0117 pagaminta i\u0161 auk\u0161tos kokyb\u0117s plastiko ir tinka vaikams nuo 12 m\u0117nesi\u0173 am\u017eiaus. Transporto priemon\u0117je yra nuimama priekaba su skydais ir vairas su garso signalu. Traktoriaus ratai pagaminti i\u0161 [&hellip;]<\/p>","protected":false},"featured_media":23215,"template":"","meta":{"_acf_changed":false,"iawp_total_views":170},"product_cat":[238],"product_tag":[95,96,97,98],"class_list":{"0":"post-23214","1":"product","2":"type-product","3":"status-publish","4":"has-post-thumbnail","6":"product_cat-lauko-zaidimai","7":"product_tag-1-m-2-m","8":"product_tag-2-m-3-m","9":"product_tag-3-m-4-m","10":"product_tag-5-m-7-m","12":"first","13":"onbackorder","14":"taxable","15":"shipping-taxable","16":"purchasable","17":"product-type-simple"},"acf":[],"yoast_head":"<!-- This site is optimized with the Yoast SEO plugin v23.3 - https:\/\/yoast.com\/wordpress\/plugins\/seo\/ -->\n<title>FALK traktorius su priekaba - Montessori \u017eaislai<\/title>\n<meta name=\"robots\" content=\"index, follow, max-snippet:-1, max-image-preview:large, max-video-preview:-1\" \/>\n<link rel=\"canonical\" href=\"https:\/\/monti.lt\/en\/product\/falk-traktorius-su-priekaba\/\" \/>\n<meta property=\"og:locale\" content=\"en_US\" \/>\n<meta property=\"og:type\" content=\"article\" \/>\n<meta property=\"og:title\" content=\"FALK traktorius su priekaba - Montessori \u017eaislai\" \/>\n<meta property=\"og:description\" content=\"\u201eFalk Baby Claas Axos 310\u201c traktoriukas su priekaba yra daugelio ma\u017e\u0173j\u0173 traktorinink\u0173 svajon\u0117. Kruop\u0161\u010diai pagamintas su d\u0117mesiu detal\u0117ms! Joks tikras \u016bkininkas nepaniekins tokios transporto priemon\u0117s. Transporto priemon\u0117 pagaminta i\u0161 auk\u0161tos kokyb\u0117s plastiko ir tinka vaikams nuo 12 m\u0117nesi\u0173 am\u017eiaus. Transporto priemon\u0117je yra nuimama priekaba su skydais ir vairas su garso signalu. Traktoriaus ratai pagaminti i\u0161 [&hellip;]\" \/>\n<meta property=\"og:url\" content=\"https:\/\/monti.lt\/en\/product\/falk-traktorius-su-priekaba\/\" \/>\n<meta property=\"og:site_name\" content=\"Montessori \u017eaislai\" \/>\n<meta property=\"article:modified_time\" content=\"2026-03-26T08:59:27+00:00\" \/>\n<meta property=\"og:image\" content=\"https:\/\/monti.lt\/wp-content\/uploads\/2024\/04\/falk-traktorek-baby-claas-axos-310-zielony-z-przyczepka-od-1-roku.jpg\" \/>\n\t<meta property=\"og:image:width\" content=\"800\" \/>\n\t<meta property=\"og:image:height\" content=\"800\" \/>\n\t<meta property=\"og:image:type\" content=\"image\/jpeg\" \/>\n<meta name=\"twitter:card\" content=\"summary_large_image\" \/>\n<meta name=\"twitter:label1\" content=\"Est. reading time\" \/>\n\t<meta name=\"twitter:data1\" content=\"1 minute\" \/>\n<script type=\"application\/ld+json\" class=\"yoast-schema-graph\">{\"@context\":\"https:\/\/schema.org\",\"@graph\":[{\"@type\":\"WebPage\",\"@id\":\"https:\/\/monti.lt\/product\/falk-traktorius-su-priekaba\/\",\"url\":\"https:\/\/monti.lt\/product\/falk-traktorius-su-priekaba\/\",\"name\":\"FALK traktorius su priekaba - Montessori \u017eaislai\",\"isPartOf\":{\"@id\":\"https:\/\/monti.lt\/#website\"},\"primaryImageOfPage\":{\"@id\":\"https:\/\/monti.lt\/product\/falk-traktorius-su-priekaba\/#primaryimage\"},\"image\":{\"@id\":\"https:\/\/monti.lt\/product\/falk-traktorius-su-priekaba\/#primaryimage\"},\"thumbnailUrl\":\"https:\/\/monti.lt\/wp-content\/uploads\/2024\/04\/falk-traktorek-baby-claas-axos-310-zielony-z-przyczepka-od-1-roku.jpg\",\"datePublished\":\"2024-04-26T12:12:44+00:00\",\"dateModified\":\"2026-03-26T08:59:27+00:00\",\"breadcrumb\":{\"@id\":\"https:\/\/monti.lt\/product\/falk-traktorius-su-priekaba\/#breadcrumb\"},\"inLanguage\":\"en-US\",\"potentialAction\":[{\"@type\":\"ReadAction\",\"target\":[\"https:\/\/monti.lt\/product\/falk-traktorius-su-priekaba\/\"]}]},{\"@type\":\"ImageObject\",\"inLanguage\":\"en-US\",\"@id\":\"https:\/\/monti.lt\/product\/falk-traktorius-su-priekaba\/#primaryimage\",\"url\":\"https:\/\/monti.lt\/wp-content\/uploads\/2024\/04\/falk-traktorek-baby-claas-axos-310-zielony-z-przyczepka-od-1-roku.jpg\",\"contentUrl\":\"https:\/\/monti.lt\/wp-content\/uploads\/2024\/04\/falk-traktorek-baby-claas-axos-310-zielony-z-przyczepka-od-1-roku.jpg\",\"width\":800,\"height\":800,\"caption\":\"vaiksikas traktorius\"},{\"@type\":\"BreadcrumbList\",\"@id\":\"https:\/\/monti.lt\/product\/falk-traktorius-su-priekaba\/#breadcrumb\",\"itemListElement\":[{\"@type\":\"ListItem\",\"position\":1,\"name\":\"Home\",\"item\":\"https:\/\/monti.lt\/\"},{\"@type\":\"ListItem\",\"position\":2,\"name\":\"Parduotuv\u0117\",\"item\":\"https:\/\/monti.lt\/shop\/\"},{\"@type\":\"ListItem\",\"position\":3,\"name\":\"FALK traktorius su priekaba\"}]},{\"@type\":\"WebSite\",\"@id\":\"https:\/\/monti.lt\/#website\",\"url\":\"https:\/\/monti.lt\/\",\"name\":\"Montessori \u017eaislai\",\"description\":\"\",\"publisher\":{\"@id\":\"https:\/\/monti.lt\/#organization\"},\"potentialAction\":[{\"@type\":\"SearchAction\",\"target\":{\"@type\":\"EntryPoint\",\"urlTemplate\":\"https:\/\/monti.lt\/?s={search_term_string}\"},\"query-input\":\"required name=search_term_string\"}],\"inLanguage\":\"en-US\"},{\"@type\":\"Organization\",\"@id\":\"https:\/\/monti.lt\/#organization\",\"name\":\"Montessori \u017eaislai\",\"url\":\"https:\/\/monti.lt\/\",\"logo\":{\"@type\":\"ImageObject\",\"inLanguage\":\"en-US\",\"@id\":\"https:\/\/monti.lt\/#\/schema\/logo\/image\/\",\"url\":\"https:\/\/monti.lt\/wp-content\/uploads\/2022\/03\/montilogo-1.png\",\"contentUrl\":\"https:\/\/monti.lt\/wp-content\/uploads\/2022\/03\/montilogo-1.png\",\"width\":512,\"height\":512,\"caption\":\"Montessori \u017eaislai\"},\"image\":{\"@id\":\"https:\/\/monti.lt\/#\/schema\/logo\/image\/\"}}]}<\/script>\n<!-- \/ Yoast SEO plugin. -->","yoast_head_json":{"title":"FALK traktorius su priekaba - Montessori \u017eaislai","robots":{"index":"index","follow":"follow","max-snippet":"max-snippet:-1","max-image-preview":"max-image-preview:large","max-video-preview":"max-video-preview:-1"},"canonical":"https:\/\/monti.lt\/en\/product\/falk-traktorius-su-priekaba\/","og_locale":"en_US","og_type":"article","og_title":"FALK traktorius su priekaba - Montessori \u017eaislai","og_description":"\u201eFalk Baby Claas Axos 310\u201c traktoriukas su priekaba yra daugelio ma\u017e\u0173j\u0173 traktorinink\u0173 svajon\u0117. Kruop\u0161\u010diai pagamintas su d\u0117mesiu detal\u0117ms! Joks tikras \u016bkininkas nepaniekins tokios transporto priemon\u0117s. Transporto priemon\u0117 pagaminta i\u0161 auk\u0161tos kokyb\u0117s plastiko ir tinka vaikams nuo 12 m\u0117nesi\u0173 am\u017eiaus. Transporto priemon\u0117je yra nuimama priekaba su skydais ir vairas su garso signalu. Traktoriaus ratai pagaminti i\u0161 [&hellip;]","og_url":"https:\/\/monti.lt\/en\/product\/falk-traktorius-su-priekaba\/","og_site_name":"Montessori \u017eaislai","article_modified_time":"2026-03-26T08:59:27+00:00","og_image":[{"width":800,"height":800,"url":"https:\/\/monti.lt\/wp-content\/uploads\/2024\/04\/falk-traktorek-baby-claas-axos-310-zielony-z-przyczepka-od-1-roku.jpg","type":"image\/jpeg"}],"twitter_card":"summary_large_image","twitter_misc":{"Est. reading time":"1 minute"},"schema":{"@context":"https:\/\/schema.org","@graph":[{"@type":"WebPage","@id":"https:\/\/monti.lt\/product\/falk-traktorius-su-priekaba\/","url":"https:\/\/monti.lt\/product\/falk-traktorius-su-priekaba\/","name":"FALK traktorius su priekaba - Montessori \u017eaislai","isPartOf":{"@id":"https:\/\/monti.lt\/#website"},"primaryImageOfPage":{"@id":"https:\/\/monti.lt\/product\/falk-traktorius-su-priekaba\/#primaryimage"},"image":{"@id":"https:\/\/monti.lt\/product\/falk-traktorius-su-priekaba\/#primaryimage"},"thumbnailUrl":"https:\/\/monti.lt\/wp-content\/uploads\/2024\/04\/falk-traktorek-baby-claas-axos-310-zielony-z-przyczepka-od-1-roku.jpg","datePublished":"2024-04-26T12:12:44+00:00","dateModified":"2026-03-26T08:59:27+00:00","breadcrumb":{"@id":"https:\/\/monti.lt\/product\/falk-traktorius-su-priekaba\/#breadcrumb"},"inLanguage":"en-US","potentialAction":[{"@type":"ReadAction","target":["https:\/\/monti.lt\/product\/falk-traktorius-su-priekaba\/"]}]},{"@type":"ImageObject","inLanguage":"en-US","@id":"https:\/\/monti.lt\/product\/falk-traktorius-su-priekaba\/#primaryimage","url":"https:\/\/monti.lt\/wp-content\/uploads\/2024\/04\/falk-traktorek-baby-claas-axos-310-zielony-z-przyczepka-od-1-roku.jpg","contentUrl":"https:\/\/monti.lt\/wp-content\/uploads\/2024\/04\/falk-traktorek-baby-claas-axos-310-zielony-z-przyczepka-od-1-roku.jpg","width":800,"height":800,"caption":"vaiksikas traktorius"},{"@type":"BreadcrumbList","@id":"https:\/\/monti.lt\/product\/falk-traktorius-su-priekaba\/#breadcrumb","itemListElement":[{"@type":"ListItem","position":1,"name":"Home","item":"https:\/\/monti.lt\/"},{"@type":"ListItem","position":2,"name":"Parduotuv\u0117","item":"https:\/\/monti.lt\/shop\/"},{"@type":"ListItem","position":3,"name":"FALK traktorius su priekaba"}]},{"@type":"WebSite","@id":"https:\/\/monti.lt\/#website","url":"https:\/\/monti.lt\/","name":"Montessori \u017eaislai","description":"","publisher":{"@id":"https:\/\/monti.lt\/#organization"},"potentialAction":[{"@type":"SearchAction","target":{"@type":"EntryPoint","urlTemplate":"https:\/\/monti.lt\/?s={search_term_string}"},"query-input":"required name=search_term_string"}],"inLanguage":"en-US"},{"@type":"Organization","@id":"https:\/\/monti.lt\/#organization","name":"Montessori \u017eaislai","url":"https:\/\/monti.lt\/","logo":{"@type":"ImageObject","inLanguage":"en-US","@id":"https:\/\/monti.lt\/#\/schema\/logo\/image\/","url":"https:\/\/monti.lt\/wp-content\/uploads\/2022\/03\/montilogo-1.png","contentUrl":"https:\/\/monti.lt\/wp-content\/uploads\/2022\/03\/montilogo-1.png","width":512,"height":512,"caption":"Montessori \u017eaislai"},"image":{"@id":"https:\/\/monti.lt\/#\/schema\/logo\/image\/"}}]}},"_links":{"self":[{"href":"https:\/\/monti.lt\/en\/wp-json\/wp\/v2\/product\/23214"}],"collection":[{"href":"https:\/\/monti.lt\/en\/wp-json\/wp\/v2\/product"}],"about":[{"href":"https:\/\/monti.lt\/en\/wp-json\/wp\/v2\/types\/product"}],"version-history":[{"count":1,"href":"https:\/\/monti.lt\/en\/wp-json\/wp\/v2\/product\/23214\/revisions"}],"predecessor-version":[{"id":23222,"href":"https:\/\/monti.lt\/en\/wp-json\/wp\/v2\/product\/23214\/revisions\/23222"}],"wp:featuredmedia":[{"embeddable":true,"href":"https:\/\/monti.lt\/en\/wp-json\/wp\/v2\/media\/23215"}],"wp:attachment":[{"href":"https:\/\/monti.lt\/en\/wp-json\/wp\/v2\/media?parent=23214"}],"wp:term":[{"taxonomy":"product_cat","embeddable":true,"href":"https:\/\/monti.lt\/en\/wp-json\/wp\/v2\/product_cat?post=23214"},{"taxonomy":"product_tag","embeddable":true,"href":"https:\/\/monti.lt\/en\/wp-json\/wp\/v2\/product_tag?post=23214"}],"curies":[{"name":"wp","href":"https:\/\/api.w.org\/{rel}","templated":true}]}}