{"id":41200,"date":"2026-09-01T12:52:42","date_gmt":"2026-09-01T12:52:42","guid":{"rendered":"https:\/\/monti.lt\/?post_type=product&#038;p=41200"},"modified":"2026-09-02T13:27:05","modified_gmt":"2026-09-02T13:27:05","slug":"kiddikutter-vaikiska-tarka","status":"publish","type":"product","link":"https:\/\/monti.lt\/en\/product\/kiddikutter-vaikiska-tarka\/","title":{"rendered":"Kiddikutter vaiki\u0161ka tarka"},"content":{"rendered":"<p>Norite paskatinti savo vaikus gaminti virtuv\u0117je, ta\u010diau nerimaujate, kad ma\u017eoms rankyt\u0117ms n\u0117ra saugu b\u016bti \u0161alia a\u0161tri\u0173 ar pjaunan\u010di\u0173 virtuv\u0117s \u012franki\u0173?<\/p>\n\n\n\n<p><strong>KIDDIKUTTER vaikams skirta tarka<\/strong>&nbsp;sukurta tam, kad tarkuot\u0173 maist\u0105, o ne pir\u0161tus. Ar krumplius. Ar nagus. Ar t\u0105 mink\u0161t\u0105 ir m\u0117sing\u0105 delno viet\u0105 prie nyk\u0161\u010dio.<\/p>\n\n\n\n<p>D\u0117l specialiai sukurt\u0173 apvalint\u0173 skylu\u010di\u0173&nbsp;<strong>N\u0116RA JOKI\u0172 A\u0160TRI\u0172 KRA\u0160T\u0172<\/strong>, tod\u0117l \u012fvairius maisto produktus galima tarkuoti saugiau, nepriklausomai nuo rank\u0173 dyd\u017eio. Skirtingai nuo \u012fprast\u0173 metalini\u0173, labai a\u0161tri\u0173 tark\u0173, \u0161i neturi i\u0161siki\u0161usi\u0173 a\u0161tri\u0173 dali\u0173, tod\u0117l yra saugesn\u0117 vaikams.<\/p>\n\n\n\n<p>Neslystantis silikoninis pagrindas ir patogi suimti rankena i\u0161laiko tark\u0105 vietoje, kol ma\u017eos rankyt\u0117s smulkina maist\u0105. Naudodamas paprast\u0105 judes\u012f auk\u0161tyn ir \u017eemyn, j\u016bs\u0173 ma\u017easis virtuv\u0117s \u0161efas gal\u0117s kaskart puikiai sutarkuoti maist\u0105 ir \u012fgyti daugiau pasitik\u0117jimo savimi.<\/p>\n\n\n\n<p><strong>Lengva plauti:<\/strong>&nbsp;galima plauti indaplov\u0117je arba rankomis su muiluotu vandeniu.<\/p>\n\n\n\n<p><strong>Sud\u0117tis:<\/strong>&nbsp;90 % ABS, 10 % silikonas (kad trintuv\u0117 b\u016bt\u0173 stabilesn\u0117 naudojant). Patvarus ABS (akrilnitrilo butadieno stirenas) yra laikomas saugiu liestis su maistu \u012fvairi\u0173 pasaulio reguliavimo institucij\u0173.<\/p>\n\n\n\n<p>Papildomam saugumui u\u017etikrinti kartu su trintuve pridedama apsaugin\u0117 pir\u0161tin\u0117.<\/p>\n\n\n\n<p><strong>Matmenys:<\/strong><\/p>\n\n\n\n<ul class=\"wp-block-list\">\n<li><strong>Auk\u0161tis:<\/strong>\u00a015 cm<\/li>\n\n\n\n<li><strong>Plotis:<\/strong>\u00a011 cm<\/li>\n\n\n\n<li><strong>Gylis:<\/strong>\u00a0nuo 2,5 iki 4,5 cm<\/li>\n<\/ul>\n\n\n\n<p><strong>Am\u017eius:<\/strong>&nbsp;nuo 3 met\u0173.<\/p>\n\n\n\n<p>Nors \u201eKiddiKutter\u201c trintuv\u0117 sukurta be a\u0161tri\u0173 briaun\u0173 ir yra daug saugesn\u0117 u\u017e tradicines metalines trintuves, naudojant visus m\u016bs\u0173 virtuv\u0117s gaminius visada b\u016btina suaugusi\u0173j\u0173 prie\u017ei\u016bra. D\u0117l jautrios vaik\u0173 odos vis dar galimi nedideli su\u017ealojimai, ypa\u010d jei \u012frankis naudojamas netinkamai arba naudojant per didel\u0119 j\u0117g\u0105. \u0160is gaminys n\u0117ra \u017eaislas ir turi b\u016bti naudojamas atsargiai, pri\u017ei\u016brint suaugusiajam.<\/p>","protected":false},"excerpt":{"rendered":"<p>Norite paskatinti savo vaikus gaminti virtuv\u0117je, ta\u010diau nerimaujate, kad ma\u017eoms rankyt\u0117ms n\u0117ra saugu b\u016bti \u0161alia a\u0161tri\u0173 ar pjaunan\u010di\u0173 virtuv\u0117s \u012franki\u0173? KIDDIKUTTER vaikams skirta tarka&nbsp;sukurta tam, kad tarkuot\u0173 maist\u0105, o ne pir\u0161tus. Ar krumplius. Ar nagus. Ar t\u0105 mink\u0161t\u0105 ir m\u0117sing\u0105 delno viet\u0105 prie nyk\u0161\u010dio. D\u0117l specialiai sukurt\u0173 apvalint\u0173 skylu\u010di\u0173&nbsp;N\u0116RA JOKI\u0172 A\u0160TRI\u0172 KRA\u0160T\u0172, tod\u0117l \u012fvairius maisto [&hellip;]<\/p>","protected":false},"featured_media":41201,"template":"","meta":{"_acf_changed":false,"iawp_total_views":0},"product_cat":[255,242,257,258],"product_tag":[97],"class_list":{"0":"post-41200","1":"product","2":"type-product","3":"status-publish","4":"has-post-thumbnail","6":"product_cat-kiddikutter","7":"product_cat-pagal-gamintoja","8":"product_cat-vaiku-prieziura","9":"product_cat-virtuves-irankiai-vaikams","10":"product_tag-3-m-4-m","12":"first","13":"instock","14":"taxable","15":"shipping-taxable","16":"purchasable","17":"product-type-simple"},"acf":[],"yoast_head":"<!-- This site is optimized with the Yoast SEO plugin v23.3 - https:\/\/yoast.com\/wordpress\/plugins\/seo\/ -->\n<title>Kiddikutter vaiki\u0161ka tarka - Montessori \u017eaislai<\/title>\n<meta name=\"robots\" content=\"index, follow, max-snippet:-1, max-image-preview:large, max-video-preview:-1\" \/>\n<link rel=\"canonical\" href=\"https:\/\/monti.lt\/en\/product\/kiddikutter-vaikiska-tarka\/\" \/>\n<meta property=\"og:locale\" content=\"en_US\" \/>\n<meta property=\"og:type\" content=\"article\" \/>\n<meta property=\"og:title\" content=\"Kiddikutter vaiki\u0161ka tarka - Montessori \u017eaislai\" \/>\n<meta property=\"og:description\" content=\"Norite paskatinti savo vaikus gaminti virtuv\u0117je, ta\u010diau nerimaujate, kad ma\u017eoms rankyt\u0117ms n\u0117ra saugu b\u016bti \u0161alia a\u0161tri\u0173 ar pjaunan\u010di\u0173 virtuv\u0117s \u012franki\u0173? KIDDIKUTTER vaikams skirta tarka&nbsp;sukurta tam, kad tarkuot\u0173 maist\u0105, o ne pir\u0161tus. Ar krumplius. Ar nagus. Ar t\u0105 mink\u0161t\u0105 ir m\u0117sing\u0105 delno viet\u0105 prie nyk\u0161\u010dio. D\u0117l specialiai sukurt\u0173 apvalint\u0173 skylu\u010di\u0173&nbsp;N\u0116RA JOKI\u0172 A\u0160TRI\u0172 KRA\u0160T\u0172, tod\u0117l \u012fvairius maisto [&hellip;]\" \/>\n<meta property=\"og:url\" content=\"https:\/\/monti.lt\/en\/product\/kiddikutter-vaikiska-tarka\/\" \/>\n<meta property=\"og:site_name\" content=\"Montessori \u017eaislai\" \/>\n<meta property=\"article:modified_time\" content=\"2026-09-02T13:27:05+00:00\" \/>\n<meta property=\"og:image\" content=\"https:\/\/monti.lt\/wp-content\/uploads\/2026\/09\/KGRATER-001-RAPE-KIDDIKUTTER.png\" \/>\n\t<meta property=\"og:image:width\" content=\"1920\" \/>\n\t<meta property=\"og:image:height\" content=\"1920\" \/>\n\t<meta property=\"og:image:type\" content=\"image\/png\" \/>\n<meta name=\"twitter:card\" content=\"summary_large_image\" \/>\n<meta name=\"twitter:label1\" content=\"Est. reading time\" \/>\n\t<meta name=\"twitter:data1\" content=\"2 minutes\" \/>\n<script type=\"application\/ld+json\" class=\"yoast-schema-graph\">{\"@context\":\"https:\/\/schema.org\",\"@graph\":[{\"@type\":\"WebPage\",\"@id\":\"https:\/\/monti.lt\/product\/kiddikutter-vaikiska-tarka\/\",\"url\":\"https:\/\/monti.lt\/product\/kiddikutter-vaikiska-tarka\/\",\"name\":\"Kiddikutter vaiki\u0161ka tarka - Montessori \u017eaislai\",\"isPartOf\":{\"@id\":\"https:\/\/monti.lt\/#website\"},\"primaryImageOfPage\":{\"@id\":\"https:\/\/monti.lt\/product\/kiddikutter-vaikiska-tarka\/#primaryimage\"},\"image\":{\"@id\":\"https:\/\/monti.lt\/product\/kiddikutter-vaikiska-tarka\/#primaryimage\"},\"thumbnailUrl\":\"https:\/\/monti.lt\/wp-content\/uploads\/2026\/09\/KGRATER-001-RAPE-KIDDIKUTTER.png\",\"datePublished\":\"2026-09-01T12:52:42+00:00\",\"dateModified\":\"2026-09-02T13:27:05+00:00\",\"breadcrumb\":{\"@id\":\"https:\/\/monti.lt\/product\/kiddikutter-vaikiska-tarka\/#breadcrumb\"},\"inLanguage\":\"en-US\",\"potentialAction\":[{\"@type\":\"ReadAction\",\"target\":[\"https:\/\/monti.lt\/product\/kiddikutter-vaikiska-tarka\/\"]}]},{\"@type\":\"ImageObject\",\"inLanguage\":\"en-US\",\"@id\":\"https:\/\/monti.lt\/product\/kiddikutter-vaikiska-tarka\/#primaryimage\",\"url\":\"https:\/\/monti.lt\/wp-content\/uploads\/2026\/09\/KGRATER-001-RAPE-KIDDIKUTTER.png\",\"contentUrl\":\"https:\/\/monti.lt\/wp-content\/uploads\/2026\/09\/KGRATER-001-RAPE-KIDDIKUTTER.png\",\"width\":1920,\"height\":1920,\"caption\":\"Kiddikutter tarka\"},{\"@type\":\"BreadcrumbList\",\"@id\":\"https:\/\/monti.lt\/product\/kiddikutter-vaikiska-tarka\/#breadcrumb\",\"itemListElement\":[{\"@type\":\"ListItem\",\"position\":1,\"name\":\"Home\",\"item\":\"https:\/\/monti.lt\/\"},{\"@type\":\"ListItem\",\"position\":2,\"name\":\"Parduotuv\u0117\",\"item\":\"https:\/\/monti.lt\/shop\/\"},{\"@type\":\"ListItem\",\"position\":3,\"name\":\"Kiddikutter vaiki\u0161ka tarka\"}]},{\"@type\":\"WebSite\",\"@id\":\"https:\/\/monti.lt\/#website\",\"url\":\"https:\/\/monti.lt\/\",\"name\":\"Montessori \u017eaislai\",\"description\":\"\",\"publisher\":{\"@id\":\"https:\/\/monti.lt\/#organization\"},\"potentialAction\":[{\"@type\":\"SearchAction\",\"target\":{\"@type\":\"EntryPoint\",\"urlTemplate\":\"https:\/\/monti.lt\/?s={search_term_string}\"},\"query-input\":\"required name=search_term_string\"}],\"inLanguage\":\"en-US\"},{\"@type\":\"Organization\",\"@id\":\"https:\/\/monti.lt\/#organization\",\"name\":\"Montessori \u017eaislai\",\"url\":\"https:\/\/monti.lt\/\",\"logo\":{\"@type\":\"ImageObject\",\"inLanguage\":\"en-US\",\"@id\":\"https:\/\/monti.lt\/#\/schema\/logo\/image\/\",\"url\":\"https:\/\/monti.lt\/wp-content\/uploads\/2022\/03\/montilogo-1.png\",\"contentUrl\":\"https:\/\/monti.lt\/wp-content\/uploads\/2022\/03\/montilogo-1.png\",\"width\":512,\"height\":512,\"caption\":\"Montessori \u017eaislai\"},\"image\":{\"@id\":\"https:\/\/monti.lt\/#\/schema\/logo\/image\/\"}}]}<\/script>\n<!-- \/ Yoast SEO plugin. -->","yoast_head_json":{"title":"Kiddikutter vaiki\u0161ka tarka - Montessori \u017eaislai","robots":{"index":"index","follow":"follow","max-snippet":"max-snippet:-1","max-image-preview":"max-image-preview:large","max-video-preview":"max-video-preview:-1"},"canonical":"https:\/\/monti.lt\/en\/product\/kiddikutter-vaikiska-tarka\/","og_locale":"en_US","og_type":"article","og_title":"Kiddikutter vaiki\u0161ka tarka - Montessori \u017eaislai","og_description":"Norite paskatinti savo vaikus gaminti virtuv\u0117je, ta\u010diau nerimaujate, kad ma\u017eoms rankyt\u0117ms n\u0117ra saugu b\u016bti \u0161alia a\u0161tri\u0173 ar pjaunan\u010di\u0173 virtuv\u0117s \u012franki\u0173? KIDDIKUTTER vaikams skirta tarka&nbsp;sukurta tam, kad tarkuot\u0173 maist\u0105, o ne pir\u0161tus. Ar krumplius. Ar nagus. Ar t\u0105 mink\u0161t\u0105 ir m\u0117sing\u0105 delno viet\u0105 prie nyk\u0161\u010dio. D\u0117l specialiai sukurt\u0173 apvalint\u0173 skylu\u010di\u0173&nbsp;N\u0116RA JOKI\u0172 A\u0160TRI\u0172 KRA\u0160T\u0172, tod\u0117l \u012fvairius maisto [&hellip;]","og_url":"https:\/\/monti.lt\/en\/product\/kiddikutter-vaikiska-tarka\/","og_site_name":"Montessori \u017eaislai","article_modified_time":"2026-09-02T13:27:05+00:00","og_image":[{"width":1920,"height":1920,"url":"https:\/\/monti.lt\/wp-content\/uploads\/2026\/09\/KGRATER-001-RAPE-KIDDIKUTTER.png","type":"image\/png"}],"twitter_card":"summary_large_image","twitter_misc":{"Est. reading time":"2 minutes"},"schema":{"@context":"https:\/\/schema.org","@graph":[{"@type":"WebPage","@id":"https:\/\/monti.lt\/product\/kiddikutter-vaikiska-tarka\/","url":"https:\/\/monti.lt\/product\/kiddikutter-vaikiska-tarka\/","name":"Kiddikutter vaiki\u0161ka tarka - Montessori \u017eaislai","isPartOf":{"@id":"https:\/\/monti.lt\/#website"},"primaryImageOfPage":{"@id":"https:\/\/monti.lt\/product\/kiddikutter-vaikiska-tarka\/#primaryimage"},"image":{"@id":"https:\/\/monti.lt\/product\/kiddikutter-vaikiska-tarka\/#primaryimage"},"thumbnailUrl":"https:\/\/monti.lt\/wp-content\/uploads\/2026\/09\/KGRATER-001-RAPE-KIDDIKUTTER.png","datePublished":"2026-09-01T12:52:42+00:00","dateModified":"2026-09-02T13:27:05+00:00","breadcrumb":{"@id":"https:\/\/monti.lt\/product\/kiddikutter-vaikiska-tarka\/#breadcrumb"},"inLanguage":"en-US","potentialAction":[{"@type":"ReadAction","target":["https:\/\/monti.lt\/product\/kiddikutter-vaikiska-tarka\/"]}]},{"@type":"ImageObject","inLanguage":"en-US","@id":"https:\/\/monti.lt\/product\/kiddikutter-vaikiska-tarka\/#primaryimage","url":"https:\/\/monti.lt\/wp-content\/uploads\/2026\/09\/KGRATER-001-RAPE-KIDDIKUTTER.png","contentUrl":"https:\/\/monti.lt\/wp-content\/uploads\/2026\/09\/KGRATER-001-RAPE-KIDDIKUTTER.png","width":1920,"height":1920,"caption":"Kiddikutter tarka"},{"@type":"BreadcrumbList","@id":"https:\/\/monti.lt\/product\/kiddikutter-vaikiska-tarka\/#breadcrumb","itemListElement":[{"@type":"ListItem","position":1,"name":"Home","item":"https:\/\/monti.lt\/"},{"@type":"ListItem","position":2,"name":"Parduotuv\u0117","item":"https:\/\/monti.lt\/shop\/"},{"@type":"ListItem","position":3,"name":"Kiddikutter vaiki\u0161ka tarka"}]},{"@type":"WebSite","@id":"https:\/\/monti.lt\/#website","url":"https:\/\/monti.lt\/","name":"Montessori \u017eaislai","description":"","publisher":{"@id":"https:\/\/monti.lt\/#organization"},"potentialAction":[{"@type":"SearchAction","target":{"@type":"EntryPoint","urlTemplate":"https:\/\/monti.lt\/?s={search_term_string}"},"query-input":"required name=search_term_string"}],"inLanguage":"en-US"},{"@type":"Organization","@id":"https:\/\/monti.lt\/#organization","name":"Montessori \u017eaislai","url":"https:\/\/monti.lt\/","logo":{"@type":"ImageObject","inLanguage":"en-US","@id":"https:\/\/monti.lt\/#\/schema\/logo\/image\/","url":"https:\/\/monti.lt\/wp-content\/uploads\/2022\/03\/montilogo-1.png","contentUrl":"https:\/\/monti.lt\/wp-content\/uploads\/2022\/03\/montilogo-1.png","width":512,"height":512,"caption":"Montessori \u017eaislai"},"image":{"@id":"https:\/\/monti.lt\/#\/schema\/logo\/image\/"}}]}},"_links":{"self":[{"href":"https:\/\/monti.lt\/en\/wp-json\/wp\/v2\/product\/41200"}],"collection":[{"href":"https:\/\/monti.lt\/en\/wp-json\/wp\/v2\/product"}],"about":[{"href":"https:\/\/monti.lt\/en\/wp-json\/wp\/v2\/types\/product"}],"version-history":[{"count":1,"href":"https:\/\/monti.lt\/en\/wp-json\/wp\/v2\/product\/41200\/revisions"}],"predecessor-version":[{"id":41202,"href":"https:\/\/monti.lt\/en\/wp-json\/wp\/v2\/product\/41200\/revisions\/41202"}],"wp:featuredmedia":[{"embeddable":true,"href":"https:\/\/monti.lt\/en\/wp-json\/wp\/v2\/media\/41201"}],"wp:attachment":[{"href":"https:\/\/monti.lt\/en\/wp-json\/wp\/v2\/media?parent=41200"}],"wp:term":[{"taxonomy":"product_cat","embeddable":true,"href":"https:\/\/monti.lt\/en\/wp-json\/wp\/v2\/product_cat?post=41200"},{"taxonomy":"product_tag","embeddable":true,"href":"https:\/\/monti.lt\/en\/wp-json\/wp\/v2\/product_tag?post=41200"}],"curies":[{"name":"wp","href":"https:\/\/api.w.org\/{rel}","templated":true}]}}