{"id":41203,"date":"2026-09-01T12:58:01","date_gmt":"2026-09-01T12:58:01","guid":{"rendered":"https:\/\/monti.lt\/?post_type=product&#038;p=41203"},"modified":"2026-09-02T13:33:59","modified_gmt":"2026-09-02T13:33:59","slug":"lulilo-leliu-namas-su-led-70cm","status":"publish","type":"product","link":"https:\/\/monti.lt\/en\/product\/lulilo-leliu-namas-su-led-70cm\/","title":{"rendered":"Lulilo l\u0117li\u0173 namas, su LED 70cm"},"content":{"rendered":"<p><strong>RO\u017dINIS L\u0116LI\u0172 NAMELIS SU LED \u0160VIESOMIS, TERASA IR BALKONU<\/strong>&nbsp;<strong>L\u0117li\u0173 namelis su terasa \u201eLULILO Gardeno\u201c<\/strong>&nbsp;L\u0117li\u0173 namelis su \u017ealiuojan\u010diu sodu daugeliui skamba kaip vaikyst\u0117s svajon\u0117. \u201eLULILO Gardeno\u201c \u2013 tai namelis tarsi i\u0161 pasakos. Jame yra baldai bei priestatas su terasa. \u017davus l\u0117li\u0173 namelio bald\u0173 rinkinys papildo erdv\u0173 interjer\u0105 ir suteikia \u017eaidimui tikrovi\u0161kumo.<\/p>\n\n\n\n<p><strong>L\u0117li\u0173 namelis su baldais ir sodu<\/strong>&nbsp;Gra\u017eus medinis l\u0117li\u0173 namelis su balkonu ir terasa stebina savo dyd\u017eiu. Dideli matmenys ir priestatas su sodu suteikia daug galimybi\u0173 keisti i\u0161planavim\u0105. Sodas atveria nauj\u0105 \u017eaidimo perspektyv\u0105 \u2013 jame yra suoliukas ir s\u016bpyn\u0117s, kuriuos galima pastatyti bet kuriame sodo kampe. Medinius baldus vaik\u0173 rankoms lengva suimti, o j\u0173 perstatymas lavina rank\u0173-aki\u0173 koordinacij\u0105 bei smulki\u0105j\u0105 motorik\u0105.<\/p>\n\n\n\n<p><strong>L\u0117li\u0173 namelis su LED ap\u0161vietimu<\/strong>&nbsp;Namelio dizainas yra vientisas ir apgalvotas. Mediniai baldai yra spalvingi \u2013 juose harmoningai dera balta, m\u0117lyna, ro\u017ein\u0117 ir \u017ealia spalvos. Kai kurios detal\u0117s turi judan\u010di\u0173 element\u0173, kuriuos galima perstatyti ir judinti pagal nor\u0105. Namelyje galima apgyvendinti l\u0117les ar fig\u016br\u0117les \u2013 k\u016brybi\u0161kas \u017eaidimas su l\u0117l\u0117mis teigiamai veikia vaik\u0173 vaizduot\u0119 ir socialini\u0173 \u012fg\u016bd\u017ei\u0173 lavinim\u0105.<\/p>\n\n\n\n<p><strong>Medinio l\u0117li\u0173 namelio privalumai:<\/strong><\/p>\n\n\n\n<ul class=\"wp-block-list\">\n<li><strong>Teigiamai veikia vaiko smulki\u0105j\u0105 motorik\u0105<\/strong>\u00a0\u2013 bald\u0173 perstatymas gerina rankos su\u0117mim\u0105 ir rank\u0173-aki\u0173 koordinacij\u0105.<\/li>\n\n\n\n<li><strong>Padeda lavinti jutimin\u0119 integracij\u0105<\/strong>\u00a0\u2013 LED ap\u0161vietimas suteikia nameliui jaukumo.<\/li>\n\n\n\n<li><strong>Padeda ugdyti socialinius \u012fg\u016bd\u017eius<\/strong>\u00a0\u2013 l\u0117li\u0173 namelis gali tapti fone kasdienio gyvenimo istorij\u0173 atk\u016brimui.<\/li>\n\n\n\n<li><strong>Formuoja estetikos poj\u016bt\u012f<\/strong>\u00a0\u2013 pastelini\u0173 spalv\u0173 baldai puikiai dera prie namelio dizaino.<\/li>\n\n\n\n<li><strong>Stimuliuoja vaik\u0173 k\u016brybi\u0161kum\u0105<\/strong>\u00a0\u2013 \u017eaidimas su l\u0117l\u0117mis namelyje suteikia erdv\u0117s i\u0161laisvinti vaizduot\u0119.<\/li>\n\n\n\n<li><strong>Lantina emocin\u012f intelekt\u0105<\/strong>\u00a0\u2013 vaidmen\u0173 \u017eaidimais vaikas mokosi atpa\u017einti ir i\u0161reik\u0161ti \u012fvairias emocijas.<\/li>\n<\/ul>\n\n\n\n<p><strong>Rinkinio sud\u0117tis:<\/strong><\/p>\n\n\n\n<ul class=\"wp-block-list\">\n<li>Surandamas l\u0117li\u0173 namelis<\/li>\n\n\n\n<li>Baldai: stalas, 2 k\u0117d\u0117s, s\u016bpyn\u0117s, tualetas, gultas, suoliukas, lovel\u0117, lempa, \u0161uns duben\u0117lis, spinta, virykl\u0117, praustuvas<\/li>\n\n\n\n<li>\u0160uns fig\u016br\u0117l\u0117<\/li>\n\n\n\n<li>Terasa<\/li>\n<\/ul>\n\n\n\n<p><strong>Techniniai parametrai:<\/strong><\/p>\n\n\n\n<ul class=\"wp-block-list\">\n<li><strong>Med\u017eiaga:<\/strong>\u00a0medin\u0117 MDF plok\u0161t\u0117, plastikas, metaliniai sraigtai<\/li>\n\n\n\n<li><strong>Spalva:<\/strong>\u00a0ro\u017ein\u0117 su baltos, m\u0117lynos ir \u017ealios spalvos elementais<\/li>\n\n\n\n<li><strong>Am\u017eius:<\/strong>\u00a03+<\/li>\n\n\n\n<li><strong>Kambari\u0173 skai\u010dius:<\/strong>\u00a05 \u2013 kambarys, laiptin\u0117, svetain\u0117, virtuv\u0117, vonios kambarys + balkonas<\/li>\n\n\n\n<li><strong>Ap\u0161vietimas:<\/strong>\u00a0taip \u2013 LED juosta<\/li>\n\n\n\n<li><strong>\u0160viesos spalva:<\/strong>\u00a0\u0161ilta<\/li>\n\n\n\n<li><strong>Maitinimas:<\/strong>\u00a03x AA baterijos<\/li>\n<\/ul>\n\n\n\n<p><strong>Matmenys:<\/strong><\/p>\n\n\n\n<ul class=\"wp-block-list\">\n<li><strong>Namelio plotis:<\/strong>\u00a061 cm<\/li>\n\n\n\n<li><strong>Namelio gylis:<\/strong>\u00a024 cm<\/li>\n\n\n\n<li><strong>Namelio auk\u0161tis:<\/strong>\u00a070 cm<\/li>\n\n\n\n<li><strong>Pirmo ir antro auk\u0161to auk\u0161tis:<\/strong>\u00a020 cm<\/li>\n\n\n\n<li><strong>Terasos matmenys:<\/strong>\u00a060 cm x 27 cm<\/li>\n\n\n\n<li><strong>Pakuot\u0117s matmenys:<\/strong>\u00a067,5 cm x 33,5 cm x 16,5 cm<\/li>\n\n\n\n<li><strong>Pakuot\u0117:<\/strong>\u00a0gaminys supakuotas \u012f kartonin\u0119 d\u0117\u017e\u0119<\/li>\n<\/ul>","protected":false},"excerpt":{"rendered":"<p>RO\u017dINIS L\u0116LI\u0172 NAMELIS SU LED \u0160VIESOMIS, TERASA IR BALKONU&nbsp;L\u0117li\u0173 namelis su terasa \u201eLULILO Gardeno\u201c&nbsp;L\u0117li\u0173 namelis su \u017ealiuojan\u010diu sodu daugeliui skamba kaip vaikyst\u0117s svajon\u0117. \u201eLULILO Gardeno\u201c \u2013 tai namelis tarsi i\u0161 pasakos. Jame yra baldai bei priestatas su terasa. \u017davus l\u0117li\u0173 namelio bald\u0173 rinkinys papildo erdv\u0173 interjer\u0105 ir suteikia \u017eaidimui tikrovi\u0161kumo. L\u0117li\u0173 namelis su baldais ir [&hellip;]<\/p>","protected":false},"featured_media":41204,"template":"","meta":{"_acf_changed":false,"iawp_total_views":1},"product_cat":[195,216,196,191,84,247,102,93,49,39],"product_tag":[97,98],"class_list":{"0":"post-41203","1":"product","2":"type-product","3":"status-publish","4":"has-post-thumbnail","6":"product_cat-dovanos-vaikams-3-4-metu","7":"product_cat-dovanos-4-5-metu-vaikams","8":"product_cat-dovanos-mergaitems","9":"product_cat-dovanos-vaikams","10":"product_cat-lavinamieji-zaislai","11":"product_cat-lulilo","12":"product_cat-mediniai-zaislai","13":"product_cat-vaidmenu-zaidimai","14":"product_cat-visi-zaislai","15":"product_cat-zaislai","16":"product_tag-3-m-4-m","17":"product_tag-5-m-7-m","19":"first","20":"instock","21":"taxable","22":"shipping-taxable","23":"purchasable","24":"product-type-simple"},"acf":[],"yoast_head":"<!-- This site is optimized with the Yoast SEO plugin v23.3 - https:\/\/yoast.com\/wordpress\/plugins\/seo\/ -->\n<title>Lulilo l\u0117li\u0173 namas, su LED 70cm - Montessori \u017eaislai<\/title>\n<meta name=\"robots\" content=\"index, follow, max-snippet:-1, max-image-preview:large, max-video-preview:-1\" \/>\n<link rel=\"canonical\" href=\"https:\/\/monti.lt\/en\/product\/lulilo-leliu-namas-su-led-70cm\/\" \/>\n<meta property=\"og:locale\" content=\"en_US\" \/>\n<meta property=\"og:type\" content=\"article\" \/>\n<meta property=\"og:title\" content=\"Lulilo l\u0117li\u0173 namas, su LED 70cm - Montessori \u017eaislai\" \/>\n<meta property=\"og:description\" content=\"RO\u017dINIS L\u0116LI\u0172 NAMELIS SU LED \u0160VIESOMIS, TERASA IR BALKONU&nbsp;L\u0117li\u0173 namelis su terasa \u201eLULILO Gardeno\u201c&nbsp;L\u0117li\u0173 namelis su \u017ealiuojan\u010diu sodu daugeliui skamba kaip vaikyst\u0117s svajon\u0117. \u201eLULILO Gardeno\u201c \u2013 tai namelis tarsi i\u0161 pasakos. Jame yra baldai bei priestatas su terasa. \u017davus l\u0117li\u0173 namelio bald\u0173 rinkinys papildo erdv\u0173 interjer\u0105 ir suteikia \u017eaidimui tikrovi\u0161kumo. L\u0117li\u0173 namelis su baldais ir [&hellip;]\" \/>\n<meta property=\"og:url\" content=\"https:\/\/monti.lt\/en\/product\/lulilo-leliu-namas-su-led-70cm\/\" \/>\n<meta property=\"og:site_name\" content=\"Montessori \u017eaislai\" \/>\n<meta property=\"article:modified_time\" content=\"2026-09-02T13:33:59+00:00\" \/>\n<meta property=\"og:image\" content=\"https:\/\/monti.lt\/wp-content\/uploads\/2026\/09\/Lulilo-Gardeno-wooden-doll-house-with-garden-furniture-70cm-pink-LED-179864.jpg\" \/>\n\t<meta property=\"og:image:width\" content=\"1024\" \/>\n\t<meta property=\"og:image:height\" content=\"1024\" \/>\n\t<meta property=\"og:image:type\" content=\"image\/jpeg\" \/>\n<meta name=\"twitter:card\" content=\"summary_large_image\" \/>\n<meta name=\"twitter:label1\" content=\"Est. reading time\" \/>\n\t<meta name=\"twitter:data1\" content=\"3 minutes\" \/>\n<script type=\"application\/ld+json\" class=\"yoast-schema-graph\">{\"@context\":\"https:\/\/schema.org\",\"@graph\":[{\"@type\":\"WebPage\",\"@id\":\"https:\/\/monti.lt\/product\/lulilo-leliu-namas-su-led-70cm\/\",\"url\":\"https:\/\/monti.lt\/product\/lulilo-leliu-namas-su-led-70cm\/\",\"name\":\"Lulilo l\u0117li\u0173 namas, su LED 70cm - Montessori \u017eaislai\",\"isPartOf\":{\"@id\":\"https:\/\/monti.lt\/#website\"},\"primaryImageOfPage\":{\"@id\":\"https:\/\/monti.lt\/product\/lulilo-leliu-namas-su-led-70cm\/#primaryimage\"},\"image\":{\"@id\":\"https:\/\/monti.lt\/product\/lulilo-leliu-namas-su-led-70cm\/#primaryimage\"},\"thumbnailUrl\":\"https:\/\/monti.lt\/wp-content\/uploads\/2026\/09\/Lulilo-Gardeno-wooden-doll-house-with-garden-furniture-70cm-pink-LED-179864.jpg\",\"datePublished\":\"2026-09-01T12:58:01+00:00\",\"dateModified\":\"2026-09-02T13:33:59+00:00\",\"breadcrumb\":{\"@id\":\"https:\/\/monti.lt\/product\/lulilo-leliu-namas-su-led-70cm\/#breadcrumb\"},\"inLanguage\":\"en-US\",\"potentialAction\":[{\"@type\":\"ReadAction\",\"target\":[\"https:\/\/monti.lt\/product\/lulilo-leliu-namas-su-led-70cm\/\"]}]},{\"@type\":\"ImageObject\",\"inLanguage\":\"en-US\",\"@id\":\"https:\/\/monti.lt\/product\/lulilo-leliu-namas-su-led-70cm\/#primaryimage\",\"url\":\"https:\/\/monti.lt\/wp-content\/uploads\/2026\/09\/Lulilo-Gardeno-wooden-doll-house-with-garden-furniture-70cm-pink-LED-179864.jpg\",\"contentUrl\":\"https:\/\/monti.lt\/wp-content\/uploads\/2026\/09\/Lulilo-Gardeno-wooden-doll-house-with-garden-furniture-70cm-pink-LED-179864.jpg\",\"width\":1024,\"height\":1024,\"caption\":\"Leliu namas\"},{\"@type\":\"BreadcrumbList\",\"@id\":\"https:\/\/monti.lt\/product\/lulilo-leliu-namas-su-led-70cm\/#breadcrumb\",\"itemListElement\":[{\"@type\":\"ListItem\",\"position\":1,\"name\":\"Home\",\"item\":\"https:\/\/monti.lt\/\"},{\"@type\":\"ListItem\",\"position\":2,\"name\":\"Parduotuv\u0117\",\"item\":\"https:\/\/monti.lt\/shop\/\"},{\"@type\":\"ListItem\",\"position\":3,\"name\":\"Lulilo l\u0117li\u0173 namas, su LED 70cm\"}]},{\"@type\":\"WebSite\",\"@id\":\"https:\/\/monti.lt\/#website\",\"url\":\"https:\/\/monti.lt\/\",\"name\":\"Montessori \u017eaislai\",\"description\":\"\",\"publisher\":{\"@id\":\"https:\/\/monti.lt\/#organization\"},\"potentialAction\":[{\"@type\":\"SearchAction\",\"target\":{\"@type\":\"EntryPoint\",\"urlTemplate\":\"https:\/\/monti.lt\/?s={search_term_string}\"},\"query-input\":\"required name=search_term_string\"}],\"inLanguage\":\"en-US\"},{\"@type\":\"Organization\",\"@id\":\"https:\/\/monti.lt\/#organization\",\"name\":\"Montessori \u017eaislai\",\"url\":\"https:\/\/monti.lt\/\",\"logo\":{\"@type\":\"ImageObject\",\"inLanguage\":\"en-US\",\"@id\":\"https:\/\/monti.lt\/#\/schema\/logo\/image\/\",\"url\":\"https:\/\/monti.lt\/wp-content\/uploads\/2022\/03\/montilogo-1.png\",\"contentUrl\":\"https:\/\/monti.lt\/wp-content\/uploads\/2022\/03\/montilogo-1.png\",\"width\":512,\"height\":512,\"caption\":\"Montessori \u017eaislai\"},\"image\":{\"@id\":\"https:\/\/monti.lt\/#\/schema\/logo\/image\/\"}}]}<\/script>\n<!-- \/ Yoast SEO plugin. -->","yoast_head_json":{"title":"Lulilo l\u0117li\u0173 namas, su LED 70cm - Montessori \u017eaislai","robots":{"index":"index","follow":"follow","max-snippet":"max-snippet:-1","max-image-preview":"max-image-preview:large","max-video-preview":"max-video-preview:-1"},"canonical":"https:\/\/monti.lt\/en\/product\/lulilo-leliu-namas-su-led-70cm\/","og_locale":"en_US","og_type":"article","og_title":"Lulilo l\u0117li\u0173 namas, su LED 70cm - Montessori \u017eaislai","og_description":"RO\u017dINIS L\u0116LI\u0172 NAMELIS SU LED \u0160VIESOMIS, TERASA IR BALKONU&nbsp;L\u0117li\u0173 namelis su terasa \u201eLULILO Gardeno\u201c&nbsp;L\u0117li\u0173 namelis su \u017ealiuojan\u010diu sodu daugeliui skamba kaip vaikyst\u0117s svajon\u0117. \u201eLULILO Gardeno\u201c \u2013 tai namelis tarsi i\u0161 pasakos. Jame yra baldai bei priestatas su terasa. \u017davus l\u0117li\u0173 namelio bald\u0173 rinkinys papildo erdv\u0173 interjer\u0105 ir suteikia \u017eaidimui tikrovi\u0161kumo. L\u0117li\u0173 namelis su baldais ir [&hellip;]","og_url":"https:\/\/monti.lt\/en\/product\/lulilo-leliu-namas-su-led-70cm\/","og_site_name":"Montessori \u017eaislai","article_modified_time":"2026-09-02T13:33:59+00:00","og_image":[{"width":1024,"height":1024,"url":"https:\/\/monti.lt\/wp-content\/uploads\/2026\/09\/Lulilo-Gardeno-wooden-doll-house-with-garden-furniture-70cm-pink-LED-179864.jpg","type":"image\/jpeg"}],"twitter_card":"summary_large_image","twitter_misc":{"Est. reading time":"3 minutes"},"schema":{"@context":"https:\/\/schema.org","@graph":[{"@type":"WebPage","@id":"https:\/\/monti.lt\/product\/lulilo-leliu-namas-su-led-70cm\/","url":"https:\/\/monti.lt\/product\/lulilo-leliu-namas-su-led-70cm\/","name":"Lulilo l\u0117li\u0173 namas, su LED 70cm - Montessori \u017eaislai","isPartOf":{"@id":"https:\/\/monti.lt\/#website"},"primaryImageOfPage":{"@id":"https:\/\/monti.lt\/product\/lulilo-leliu-namas-su-led-70cm\/#primaryimage"},"image":{"@id":"https:\/\/monti.lt\/product\/lulilo-leliu-namas-su-led-70cm\/#primaryimage"},"thumbnailUrl":"https:\/\/monti.lt\/wp-content\/uploads\/2026\/09\/Lulilo-Gardeno-wooden-doll-house-with-garden-furniture-70cm-pink-LED-179864.jpg","datePublished":"2026-09-01T12:58:01+00:00","dateModified":"2026-09-02T13:33:59+00:00","breadcrumb":{"@id":"https:\/\/monti.lt\/product\/lulilo-leliu-namas-su-led-70cm\/#breadcrumb"},"inLanguage":"en-US","potentialAction":[{"@type":"ReadAction","target":["https:\/\/monti.lt\/product\/lulilo-leliu-namas-su-led-70cm\/"]}]},{"@type":"ImageObject","inLanguage":"en-US","@id":"https:\/\/monti.lt\/product\/lulilo-leliu-namas-su-led-70cm\/#primaryimage","url":"https:\/\/monti.lt\/wp-content\/uploads\/2026\/09\/Lulilo-Gardeno-wooden-doll-house-with-garden-furniture-70cm-pink-LED-179864.jpg","contentUrl":"https:\/\/monti.lt\/wp-content\/uploads\/2026\/09\/Lulilo-Gardeno-wooden-doll-house-with-garden-furniture-70cm-pink-LED-179864.jpg","width":1024,"height":1024,"caption":"Leliu namas"},{"@type":"BreadcrumbList","@id":"https:\/\/monti.lt\/product\/lulilo-leliu-namas-su-led-70cm\/#breadcrumb","itemListElement":[{"@type":"ListItem","position":1,"name":"Home","item":"https:\/\/monti.lt\/"},{"@type":"ListItem","position":2,"name":"Parduotuv\u0117","item":"https:\/\/monti.lt\/shop\/"},{"@type":"ListItem","position":3,"name":"Lulilo l\u0117li\u0173 namas, su LED 70cm"}]},{"@type":"WebSite","@id":"https:\/\/monti.lt\/#website","url":"https:\/\/monti.lt\/","name":"Montessori \u017eaislai","description":"","publisher":{"@id":"https:\/\/monti.lt\/#organization"},"potentialAction":[{"@type":"SearchAction","target":{"@type":"EntryPoint","urlTemplate":"https:\/\/monti.lt\/?s={search_term_string}"},"query-input":"required name=search_term_string"}],"inLanguage":"en-US"},{"@type":"Organization","@id":"https:\/\/monti.lt\/#organization","name":"Montessori \u017eaislai","url":"https:\/\/monti.lt\/","logo":{"@type":"ImageObject","inLanguage":"en-US","@id":"https:\/\/monti.lt\/#\/schema\/logo\/image\/","url":"https:\/\/monti.lt\/wp-content\/uploads\/2022\/03\/montilogo-1.png","contentUrl":"https:\/\/monti.lt\/wp-content\/uploads\/2022\/03\/montilogo-1.png","width":512,"height":512,"caption":"Montessori \u017eaislai"},"image":{"@id":"https:\/\/monti.lt\/#\/schema\/logo\/image\/"}}]}},"_links":{"self":[{"href":"https:\/\/monti.lt\/en\/wp-json\/wp\/v2\/product\/41203"}],"collection":[{"href":"https:\/\/monti.lt\/en\/wp-json\/wp\/v2\/product"}],"about":[{"href":"https:\/\/monti.lt\/en\/wp-json\/wp\/v2\/types\/product"}],"version-history":[{"count":1,"href":"https:\/\/monti.lt\/en\/wp-json\/wp\/v2\/product\/41203\/revisions"}],"predecessor-version":[{"id":41211,"href":"https:\/\/monti.lt\/en\/wp-json\/wp\/v2\/product\/41203\/revisions\/41211"}],"wp:featuredmedia":[{"embeddable":true,"href":"https:\/\/monti.lt\/en\/wp-json\/wp\/v2\/media\/41204"}],"wp:attachment":[{"href":"https:\/\/monti.lt\/en\/wp-json\/wp\/v2\/media?parent=41203"}],"wp:term":[{"taxonomy":"product_cat","embeddable":true,"href":"https:\/\/monti.lt\/en\/wp-json\/wp\/v2\/product_cat?post=41203"},{"taxonomy":"product_tag","embeddable":true,"href":"https:\/\/monti.lt\/en\/wp-json\/wp\/v2\/product_tag?post=41203"}],"curies":[{"name":"wp","href":"https:\/\/api.w.org\/{rel}","templated":true}]}}